{"id":549,"date":"2022-03-15T15:11:36","date_gmt":"2022-03-15T15:11:36","guid":{"rendered":"http:\/\/amigosdeltambor.org\/?page_id=549"},"modified":"2022-03-29T18:45:06","modified_gmt":"2022-03-29T18:45:06","slug":"otras-actividades","status":"publish","type":"page","link":"https:\/\/amigosdeltambor.org\/en\/other-activities\/","title":{"rendered":"Other activities"},"content":{"rendered":"<div data-elementor-type=\"wp-page\" data-elementor-id=\"549\" class=\"elementor elementor-549\" data-elementor-post-type=\"page\">\n\t\t\t\t\t\t<section class=\"elementor-section elementor-top-section elementor-element elementor-element-42346346 elementor-section-content-middle elementor-section-full_width elementor-section-height-default elementor-section-height-default\" data-id=\"42346346\" data-element_type=\"section\" data-e-type=\"section\" data-settings=\"{&quot;background_background&quot;:&quot;classic&quot;}\">\n\t\t\t\t\t\t<div class=\"elementor-container elementor-column-gap-no\">\n\t\t\t\t\t<div class=\"elementor-column elementor-col-100 elementor-top-column elementor-element elementor-element-4d4bcad8\" data-id=\"4d4bcad8\" data-element_type=\"column\" data-e-type=\"column\" data-settings=\"{&quot;background_background&quot;:&quot;classic&quot;}\">\n\t\t\t<div class=\"elementor-widget-wrap elementor-element-populated\">\n\t\t\t\t\t\t<section class=\"elementor-section elementor-inner-section elementor-element elementor-element-601b31a8 elementor-section-boxed elementor-section-height-default elementor-section-height-default\" data-id=\"601b31a8\" data-element_type=\"section\" data-e-type=\"section\">\n\t\t\t\t\t\t<div class=\"elementor-container elementor-column-gap-no\">\n\t\t\t\t\t<div class=\"elementor-column elementor-col-100 elementor-inner-column elementor-element elementor-element-ab2f1a5\" data-id=\"ab2f1a5\" data-element_type=\"column\" data-e-type=\"column\">\n\t\t\t<div class=\"elementor-widget-wrap elementor-element-populated\">\n\t\t\t\t\t\t<div class=\"elementor-element elementor-element-7a5abc67 elementor-widget elementor-widget-heading\" data-id=\"7a5abc67\" data-element_type=\"widget\" data-e-type=\"widget\" data-widget_type=\"heading.default\">\n\t\t\t\t<div class=\"elementor-widget-container\">\n\t\t\t\t\t<h2 class=\"elementor-heading-title elementor-size-default\">Other activities<\/h2>\t\t\t\t<\/div>\n\t\t\t\t<\/div>\n\t\t\t\t\t<\/div>\n\t\t<\/div>\n\t\t\t\t\t<\/div>\n\t\t<\/section>\n\t\t\t\t\t<\/div>\n\t\t<\/div>\n\t\t\t\t\t<\/div>\n\t\t<\/section>\n\t\t\t\t<section class=\"elementor-section elementor-top-section elementor-element elementor-element-0f6ce20 elementor-section-boxed elementor-section-height-default elementor-section-height-default\" data-id=\"0f6ce20\" data-element_type=\"section\" data-e-type=\"section\">\n\t\t\t\t\t\t<div class=\"elementor-container elementor-column-gap-default\">\n\t\t\t\t\t<div class=\"elementor-column elementor-col-50 elementor-top-column elementor-element elementor-element-853f303\" data-id=\"853f303\" data-element_type=\"column\" data-e-type=\"column\">\n\t\t\t<div class=\"elementor-widget-wrap elementor-element-populated\">\n\t\t\t\t\t\t<div class=\"elementor-element elementor-element-c7aa985 elementor-widget elementor-widget-heading\" data-id=\"c7aa985\" data-element_type=\"widget\" data-e-type=\"widget\" data-widget_type=\"heading.default\">\n\t\t\t\t<div class=\"elementor-widget-container\">\n\t\t\t\t\t<h2 class=\"elementor-heading-title elementor-size-default\">Keep up to date with our activities<\/h2>\t\t\t\t<\/div>\n\t\t\t\t<\/div>\n\t\t\t\t<div class=\"elementor-element elementor-element-d8440e5 elementor-grid-3 elementor-grid-tablet-2 elementor-grid-mobile-1 elementor-posts--thumbnail-top elementor-card-shadow-yes elementor-posts__hover-gradient elementor-widget elementor-widget-posts\" data-id=\"d8440e5\" data-element_type=\"widget\" data-e-type=\"widget\" data-settings=\"{&quot;cards_masonry&quot;:&quot;yes&quot;,&quot;cards_columns&quot;:&quot;3&quot;,&quot;cards_columns_tablet&quot;:&quot;2&quot;,&quot;cards_columns_mobile&quot;:&quot;1&quot;,&quot;cards_row_gap&quot;:{&quot;unit&quot;:&quot;px&quot;,&quot;size&quot;:35,&quot;sizes&quot;:[]},&quot;cards_row_gap_tablet&quot;:{&quot;unit&quot;:&quot;px&quot;,&quot;size&quot;:&quot;&quot;,&quot;sizes&quot;:[]},&quot;cards_row_gap_mobile&quot;:{&quot;unit&quot;:&quot;px&quot;,&quot;size&quot;:&quot;&quot;,&quot;sizes&quot;:[]}}\" data-widget_type=\"posts.cards\">\n\t\t\t\t<div class=\"elementor-widget-container\">\n\t\t\t\t\t\t\t<div class=\"elementor-posts-container elementor-posts elementor-posts--skin-cards elementor-grid\" role=\"list\">\n\t\t\t\t<article class=\"elementor-post elementor-grid-item post-3193 actividad_asociacion type-actividad_asociacion status-publish hentry\" role=\"listitem\">\n\t\t\t<div class=\"elementor-post__card\">\n\t\t\t\t<div class=\"elementor-post__text\">\n\t\t\t\t<h3 class=\"elementor-post__title\">\n\t\t\t<a href=\"https:\/\/amigosdeltambor.org\/en\/actividad_asociacion\/visit-to-the-2023-old-peoples-home\/\" >\n\t\t\t\tVisit to the 2023 Residence for the Elderly\t\t\t<\/a>\n\t\t<\/h3>\n\t\t\t\t<div class=\"elementor-post__excerpt\">\n\t\t\t<p>Incredible visit to the old people's home! On 29 March 2023 we visited the retirement home, as we usually do every year. No<\/p>\n\t\t<\/div>\n\t\t\n\t\t<a class=\"elementor-post__read-more\" href=\"https:\/\/amigosdeltambor.org\/en\/actividad_asociacion\/visit-to-the-2023-old-peoples-home\/\" aria-label=\"Read more about Visita a la Residencia de Mayores 2023\" tabindex=\"-1\" >\n\t\t\tRead more \u00bb\t\t<\/a>\n\n\t\t\t\t<\/div>\n\t\t\t\t<div class=\"elementor-post__meta-data\">\n\t\t\t\t\t<span class=\"elementor-post-date\">\n\t\t\t8 February 2024\t\t<\/span>\n\t\t\t\t<\/div>\n\t\t\t\t\t<\/div>\n\t\t<\/article>\n\t\t\t\t<article class=\"elementor-post elementor-grid-item post-3192 actividad_asociacion type-actividad_asociacion status-publish has-post-thumbnail hentry\" role=\"listitem\">\n\t\t\t<div class=\"elementor-post__card\">\n\t\t\t\t<a class=\"elementor-post__thumbnail__link\" href=\"https:\/\/amigosdeltambor.org\/en\/actividad_asociacion\/talks-in-schools-on-the-exaltation-of-tobarra-2023\/\" tabindex=\"-1\" ><div class=\"elementor-post__thumbnail\"><img fetchpriority=\"high\" decoding=\"async\" width=\"300\" height=\"208\" src=\"https:\/\/amigosdeltambor.org\/wp-content\/uploads\/2024\/02\/IMG_4660-300x208.jpg\" class=\"attachment-medium size-medium wp-image-3188\" alt=\"\" srcset=\"https:\/\/amigosdeltambor.org\/wp-content\/uploads\/2024\/02\/IMG_4660-300x208.jpg 300w, https:\/\/amigosdeltambor.org\/wp-content\/uploads\/2024\/02\/IMG_4660-1024x709.jpg 1024w, https:\/\/amigosdeltambor.org\/wp-content\/uploads\/2024\/02\/IMG_4660-768x532.jpg 768w, https:\/\/amigosdeltambor.org\/wp-content\/uploads\/2024\/02\/IMG_4660-1536x1063.jpg 1536w, https:\/\/amigosdeltambor.org\/wp-content\/uploads\/2024\/02\/IMG_4660-2048x1418.jpg 2048w\" sizes=\"(max-width: 300px) 100vw, 300px\" title=\"\"><\/div><\/a>\n\t\t\t\t<div class=\"elementor-post__text\">\n\t\t\t\t<h3 class=\"elementor-post__title\">\n\t\t\t<a href=\"https:\/\/amigosdeltambor.org\/en\/actividad_asociacion\/talks-in-schools-on-the-exaltation-of-tobarra-2023\/\" >\n\t\t\t\tTalks in schools on the Exaltation of Tobarra 2023\t\t\t<\/a>\n\t\t<\/h3>\n\t\t\t\t<div class=\"elementor-post__excerpt\">\n\t\t\t<p>On 15 March, as an association, we visited the schools, explaining to our youngest children what the conference is about, what its history is and what it is about.<\/p>\n\t\t<\/div>\n\t\t\n\t\t<a class=\"elementor-post__read-more\" href=\"https:\/\/amigosdeltambor.org\/en\/actividad_asociacion\/talks-in-schools-on-the-exaltation-of-tobarra-2023\/\" aria-label=\"Read more about Charlas en los Colegios sobre la Exaltaci\u00f3n de Tobarra 2023\" tabindex=\"-1\" >\n\t\t\tRead more \u00bb\t\t<\/a>\n\n\t\t\t\t<\/div>\n\t\t\t\t<div class=\"elementor-post__meta-data\">\n\t\t\t\t\t<span class=\"elementor-post-date\">\n\t\t\t8 February 2024\t\t<\/span>\n\t\t\t\t<\/div>\n\t\t\t\t\t<\/div>\n\t\t<\/article>\n\t\t\t\t<article class=\"elementor-post elementor-grid-item post-3197 actividad_asociacion type-actividad_asociacion status-publish has-post-thumbnail hentry\" role=\"listitem\">\n\t\t\t<div class=\"elementor-post__card\">\n\t\t\t\t<a class=\"elementor-post__thumbnail__link\" href=\"https:\/\/amigosdeltambor.org\/en\/actividad_asociacion\/i-tambores-del-sur-meeting-mula-2023\/\" tabindex=\"-1\" ><div class=\"elementor-post__thumbnail\"><img decoding=\"async\" width=\"225\" height=\"300\" src=\"https:\/\/amigosdeltambor.org\/wp-content\/uploads\/2024\/02\/IMG_0183-225x300.jpg\" class=\"attachment-medium size-medium wp-image-3153\" alt=\"\" srcset=\"https:\/\/amigosdeltambor.org\/wp-content\/uploads\/2024\/02\/IMG_0183-225x300.jpg 225w, https:\/\/amigosdeltambor.org\/wp-content\/uploads\/2024\/02\/IMG_0183-768x1024.jpg 768w, https:\/\/amigosdeltambor.org\/wp-content\/uploads\/2024\/02\/IMG_0183-1152x1536.jpg 1152w, https:\/\/amigosdeltambor.org\/wp-content\/uploads\/2024\/02\/IMG_0183-1536x2048.jpg 1536w, https:\/\/amigosdeltambor.org\/wp-content\/uploads\/2024\/02\/IMG_0183-scaled.jpg 1920w\" sizes=\"(max-width: 225px) 100vw, 225px\" title=\"\"><\/div><\/a>\n\t\t\t\t<div class=\"elementor-post__text\">\n\t\t\t\t<h3 class=\"elementor-post__title\">\n\t\t\t<a href=\"https:\/\/amigosdeltambor.org\/en\/actividad_asociacion\/i-tambores-del-sur-meeting-mula-2023\/\" >\n\t\t\t\tI Encounter Drums of the South - Mula - 2023\t\t\t<\/a>\n\t\t<\/h3>\n\t\t\t\t<div class=\"elementor-post__excerpt\">\n\t\t\t<p>On 21 October 2023 we took part in the first meeting of drummers from the southern villages, organised by Mula, the municipality that initiated the Jornadas<\/p>\n\t\t<\/div>\n\t\t\n\t\t<a class=\"elementor-post__read-more\" href=\"https:\/\/amigosdeltambor.org\/en\/actividad_asociacion\/i-tambores-del-sur-meeting-mula-2023\/\" aria-label=\"Read more about I Encuentro Tambores del Sur &#8211; Mula &#8211; 2023\" tabindex=\"-1\" >\n\t\t\tRead more \u00bb\t\t<\/a>\n\n\t\t\t\t<\/div>\n\t\t\t\t<div class=\"elementor-post__meta-data\">\n\t\t\t\t\t<span class=\"elementor-post-date\">\n\t\t\t8 February 2024\t\t<\/span>\n\t\t\t\t<\/div>\n\t\t\t\t\t<\/div>\n\t\t<\/article>\n\t\t\t\t<article class=\"elementor-post elementor-grid-item post-3195 actividad_asociacion type-actividad_asociacion status-publish has-post-thumbnail hentry\" role=\"listitem\">\n\t\t\t<div class=\"elementor-post__card\">\n\t\t\t\t<a class=\"elementor-post__thumbnail__link\" href=\"https:\/\/amigosdeltambor.org\/en\/actividad_asociacion\/the-tobarra-drums-at-the-albacete-fair-2023\/\" tabindex=\"-1\" ><div class=\"elementor-post__thumbnail\"><img decoding=\"async\" width=\"225\" height=\"300\" src=\"https:\/\/amigosdeltambor.org\/wp-content\/uploads\/2024\/02\/IMG_6250-2-225x300.jpg\" class=\"attachment-medium size-medium wp-image-3171\" alt=\"\" srcset=\"https:\/\/amigosdeltambor.org\/wp-content\/uploads\/2024\/02\/IMG_6250-2-225x300.jpg 225w, https:\/\/amigosdeltambor.org\/wp-content\/uploads\/2024\/02\/IMG_6250-2-768x1024.jpg 768w, https:\/\/amigosdeltambor.org\/wp-content\/uploads\/2024\/02\/IMG_6250-2-1152x1536.jpg 1152w, https:\/\/amigosdeltambor.org\/wp-content\/uploads\/2024\/02\/IMG_6250-2-1536x2048.jpg 1536w, https:\/\/amigosdeltambor.org\/wp-content\/uploads\/2024\/02\/IMG_6250-2-scaled.jpg 1920w\" sizes=\"(max-width: 225px) 100vw, 225px\" title=\"\"><\/div><\/a>\n\t\t\t\t<div class=\"elementor-post__text\">\n\t\t\t\t<h3 class=\"elementor-post__title\">\n\t\t\t<a href=\"https:\/\/amigosdeltambor.org\/en\/actividad_asociacion\/the-tobarra-drums-at-the-albacete-fair-2023\/\" >\n\t\t\t\tThe Tobarra Drums at the Albacete Fair 2023\t\t\t<\/a>\n\t\t<\/h3>\n\t\t\t\t<div class=\"elementor-post__excerpt\">\n\t\t\t<p>On 17 September, on the last day of the Albacete fair, we were present together with representatives of our city council and other localities in<\/p>\n\t\t<\/div>\n\t\t\n\t\t<a class=\"elementor-post__read-more\" href=\"https:\/\/amigosdeltambor.org\/en\/actividad_asociacion\/the-tobarra-drums-at-the-albacete-fair-2023\/\" aria-label=\"Read more about Los Tambores de Tobarra en a la Feria de Albacete 2023\" tabindex=\"-1\" >\n\t\t\tRead more \u00bb\t\t<\/a>\n\n\t\t\t\t<\/div>\n\t\t\t\t<div class=\"elementor-post__meta-data\">\n\t\t\t\t\t<span class=\"elementor-post-date\">\n\t\t\t8 February 2024\t\t<\/span>\n\t\t\t\t<\/div>\n\t\t\t\t\t<\/div>\n\t\t<\/article>\n\t\t\t\t<article class=\"elementor-post elementor-grid-item post-3194 actividad_asociacion type-actividad_asociacion status-publish has-post-thumbnail hentry\" role=\"listitem\">\n\t\t\t<div class=\"elementor-post__card\">\n\t\t\t\t<a class=\"elementor-post__thumbnail__link\" href=\"https:\/\/amigosdeltambor.org\/en\/actividad_asociacion\/cmtv-ancha-es-castilla-tobarra-2023\/\" tabindex=\"-1\" ><div class=\"elementor-post__thumbnail\"><img loading=\"lazy\" decoding=\"async\" width=\"300\" height=\"225\" src=\"https:\/\/amigosdeltambor.org\/wp-content\/uploads\/2024\/02\/IMG_4525-300x225.png\" class=\"attachment-medium size-medium wp-image-3178\" alt=\"\" srcset=\"https:\/\/amigosdeltambor.org\/wp-content\/uploads\/2024\/02\/IMG_4525-300x225.png 300w, https:\/\/amigosdeltambor.org\/wp-content\/uploads\/2024\/02\/IMG_4525-1024x768.png 1024w, https:\/\/amigosdeltambor.org\/wp-content\/uploads\/2024\/02\/IMG_4525-768x576.png 768w, https:\/\/amigosdeltambor.org\/wp-content\/uploads\/2024\/02\/IMG_4525-1536x1152.png 1536w, https:\/\/amigosdeltambor.org\/wp-content\/uploads\/2024\/02\/IMG_4525-2048x1536.png 2048w\" sizes=\"(max-width: 300px) 100vw, 300px\" title=\"\"><\/div><\/a>\n\t\t\t\t<div class=\"elementor-post__text\">\n\t\t\t\t<h3 class=\"elementor-post__title\">\n\t\t\t<a href=\"https:\/\/amigosdeltambor.org\/en\/actividad_asociacion\/cmtv-ancha-es-castilla-tobarra-2023\/\" >\n\t\t\t\tCMTV Ancha es Castilla - Tobarra 2023\t\t\t<\/a>\n\t\t<\/h3>\n\t\t\t\t<div class=\"elementor-post__excerpt\">\n\t\t\t<p>On March 8th we had the visit of the programme Ancha es Castilla in our municipality to show our drumming, our tamboradas and to give the audience a chance to know our music.<\/p>\n\t\t<\/div>\n\t\t\n\t\t<a class=\"elementor-post__read-more\" href=\"https:\/\/amigosdeltambor.org\/en\/actividad_asociacion\/cmtv-ancha-es-castilla-tobarra-2023\/\" aria-label=\"Read more about CMTV Ancha es Castilla &#8211; Tobarra 2023\" tabindex=\"-1\" >\n\t\t\tRead more \u00bb\t\t<\/a>\n\n\t\t\t\t<\/div>\n\t\t\t\t<div class=\"elementor-post__meta-data\">\n\t\t\t\t\t<span class=\"elementor-post-date\">\n\t\t\t8 February 2024\t\t<\/span>\n\t\t\t\t<\/div>\n\t\t\t\t\t<\/div>\n\t\t<\/article>\n\t\t\t\t<article class=\"elementor-post elementor-grid-item post-1640 actividad_asociacion type-actividad_asociacion status-publish has-post-thumbnail hentry\" role=\"listitem\">\n\t\t\t<div class=\"elementor-post__card\">\n\t\t\t\t<a class=\"elementor-post__thumbnail__link\" href=\"https:\/\/amigosdeltambor.org\/en\/actividad_asociacion\/culture-week-2022\/\" tabindex=\"-1\" ><div class=\"elementor-post__thumbnail\"><img loading=\"lazy\" decoding=\"async\" width=\"300\" height=\"225\" src=\"https:\/\/amigosdeltambor.org\/wp-content\/uploads\/2022\/04\/IMG-20220405-WA0042-300x225.jpg\" class=\"attachment-medium size-medium wp-image-1630\" alt=\"\" srcset=\"https:\/\/amigosdeltambor.org\/wp-content\/uploads\/2022\/04\/IMG-20220405-WA0042-300x225.jpg 300w, https:\/\/amigosdeltambor.org\/wp-content\/uploads\/2022\/04\/IMG-20220405-WA0042-768x576.jpg 768w, https:\/\/amigosdeltambor.org\/wp-content\/uploads\/2022\/04\/IMG-20220405-WA0042.jpg 1024w\" sizes=\"(max-width: 300px) 100vw, 300px\" title=\"\"><\/div><\/a>\n\t\t\t\t<div class=\"elementor-post__text\">\n\t\t\t\t<h3 class=\"elementor-post__title\">\n\t\t\t<a href=\"https:\/\/amigosdeltambor.org\/en\/actividad_asociacion\/culture-week-2022\/\" >\n\t\t\t\tCultural Week 2022\t\t\t<\/a>\n\t\t<\/h3>\n\t\t\t\t<div class=\"elementor-post__excerpt\">\n\t\t\t<p>This year we have launched the Cultural Week, during which we have visited all the schools in Tobarra, including Infant and Primary Education.<\/p>\n\t\t<\/div>\n\t\t\n\t\t<a class=\"elementor-post__read-more\" href=\"https:\/\/amigosdeltambor.org\/en\/actividad_asociacion\/culture-week-2022\/\" aria-label=\"Read more about Semana Cultural 2022\" tabindex=\"-1\" >\n\t\t\tRead more \u00bb\t\t<\/a>\n\n\t\t\t\t<\/div>\n\t\t\t\t<div class=\"elementor-post__meta-data\">\n\t\t\t\t\t<span class=\"elementor-post-date\">\n\t\t\t6 April 2022\t\t<\/span>\n\t\t\t\t<\/div>\n\t\t\t\t\t<\/div>\n\t\t<\/article>\n\t\t\t\t<\/div>\n\t\t\n\t\t\t\t\t\t<\/div>\n\t\t\t\t<\/div>\n\t\t\t\t\t<\/div>\n\t\t<\/div>\n\t\t\t\t<div class=\"elementor-column elementor-col-50 elementor-top-column elementor-element elementor-element-9ed7d3b\" data-id=\"9ed7d3b\" data-element_type=\"column\" data-e-type=\"column\">\n\t\t\t<div class=\"elementor-widget-wrap elementor-element-populated\">\n\t\t\t\t\t\t<div class=\"elementor-element elementor-element-f6598b1 elementor-search-form--skin-classic elementor-search-form--button-type-icon elementor-search-form--icon-search elementor-widget elementor-widget-search-form\" data-id=\"f6598b1\" data-element_type=\"widget\" data-e-type=\"widget\" data-settings=\"{&quot;skin&quot;:&quot;classic&quot;}\" data-widget_type=\"search-form.default\">\n\t\t\t\t<div class=\"elementor-widget-container\">\n\t\t\t\t\t\t\t<search role=\"search\">\n\t\t\t<form class=\"elementor-search-form\" action=\"https:\/\/amigosdeltambor.org\/en\/\" method=\"get\" data-trp-original-action=\"https:\/\/amigosdeltambor.org\/en\">\n\t\t\t\t\t\t\t\t\t\t\t\t<div class=\"elementor-search-form__container\">\n\t\t\t\t\t<label class=\"elementor-screen-only\" for=\"elementor-search-form-f6598b1\">Search<\/label>\n\n\t\t\t\t\t\n\t\t\t\t\t<input id=\"elementor-search-form-f6598b1\" placeholder=\"Search\" class=\"elementor-search-form__input\" type=\"search\" name=\"s\" value=\"\">\n\t\t\t\t\t\n\t\t\t\t\t\t\t\t\t\t\t<button class=\"elementor-search-form__submit\" type=\"submit\" aria-label=\"Search\">\n\t\t\t\t\t\t\t\t\t\t\t\t\t\t\t<div class=\"e-font-icon-svg-container\"><svg class=\"fa fa-search e-font-icon-svg e-fas-search\" viewbox=\"0 0 512 512\" xmlns=\"http:\/\/www.w3.org\/2000\/svg\"><path d=\"M505 442.7L405.3 343c-4.5-4.5-10.6-7-17-7H372c27.6-35.3 44-79.7 44-128C416 93.1 322.9 0 208 0S0 93.1 0 208s93.1 208 208 208c48.3 0 92.7-16.4 128-44v16.3c0 6.4 2.5 12.5 7 17l99.7 99.7c9.4 9.4 24.6 9.4 33.9 0l28.3-28.3c9.4-9.4 9.4-24.6.1-34zM208 336c-70.7 0-128-57.2-128-128 0-70.7 57.2-128 128-128 70.7 0 128 57.2 128 128 0 70.7-57.2 128-128 128z\"><\/path><\/svg><\/div>\t\t\t\t\t\t\t\t\t\t\t\t\t<\/button>\n\t\t\t\t\t\n\t\t\t\t\t\t\t\t\t<\/div>\n\t\t\t<input type=\"hidden\" name=\"trp-form-language\" value=\"en\"\/><\/form>\n\t\t<\/search>\n\t\t\t\t\t\t<\/div>\n\t\t\t\t<\/div>\n\t\t\t\t<div class=\"elementor-element elementor-element-42955d5 elementor-widget elementor-widget-facebook-page\" data-id=\"42955d5\" data-element_type=\"widget\" data-e-type=\"widget\" data-widget_type=\"facebook-page.default\">\n\t\t\t\t<div class=\"elementor-widget-container\">\n\t\t\t\t\t<div class=\"elementor-facebook-widget fb-page\" data-href=\"https:\/\/www.facebook.com\/amigosdeltambor\/\" data-tabs=\"timeline\" data-height=\"500px\" data-width=\"500px\" data-small-header=\"false\" data-hide-cover=\"false\" data-show-facepile=\"true\" data-hide-cta=\"false\" style=\"min-height: 1px;height:500px\"><\/div>\t\t\t\t<\/div>\n\t\t\t\t<\/div>\n\t\t\t\t<div class=\"elementor-element elementor-element-ee7367b elementor-widget elementor-widget-wp-widget-recent-posts\" data-id=\"ee7367b\" data-element_type=\"widget\" data-e-type=\"widget\" data-widget_type=\"wp-widget-recent-posts.default\">\n\t\t\t\t<div class=\"elementor-widget-container\">\n\t\t\t\t\t\n\t\t\n\t\t<h5>Recent Posts<\/h5>\n\t\t<ul>\n\t\t\t\t\t\t\t\t\t\t\t<li>\n\t\t\t\t\t<a href=\"https:\/\/amigosdeltambor.org\/en\/2026\/04\/26\/cuadrillas-el-momento-es-ahora-%f0%9f%a5%81%e2%9c%8ala-asociacion-amigos-del-tambor-nos-unimos-a-la-plataforma-stopbiogastobarra-para-defender-lo-nuestro-no-queremos-que-el-futuro-de-tob\/\">\u00a1CUADRILLAS, EL MOMENTO ES AHORA! \ud83e\udd41\u270a\n\nLa Asociaci\u00f3n Amigos del Tambor nos unimos a la plataforma @stopbiogastobarra para defender lo nuestro. \n\nNo queremos que el futuro de Tobarra huela a gas, queremos que siga sonando a tambor.\n\n\u200b\u00bfQuieres que tu garuto sea un punto de resistencia? \u00a1Pide ya tu pancarta!\n\n\u200b\u2705 \u00bfC\u00f3mo conseguirla?\n\n\u200bHabla con tu cuadrilla.\n\u200bEscr\u00edbenos por privado o reg\u00edstrate en el enlace de la bio de @stopbiogastobarra y reservad la vuestra.\n\n\u200b\u00a1Cu\u00e9lgala en la fachada de tu garuto y que todo el pueblo sepa que no nos vendemos!\n\n\u200bPor nuestros acu\u00edferos, por nuestra salud y por nuestra agricultura. \n\n\u00a1Tobarra unida, futuro asegurado! \ud83d\udd90\ufe0f\ud83d\udeab\n\n\u200b#StopBiogasTobarra #CuadrillasUnidas #Tobarra #GarutosEnLucha #NoALasMacroplantas<\/a>\n\t\t\t\t\t\t\t\t\t<\/li>\n\t\t\t\t\t\t\t\t\t\t\t<li>\n\t\t\t\t\t<a href=\"https:\/\/amigosdeltambor.org\/en\/2026\/04\/12\/por-un-pueblo-limpio-nuestras-manos-y-nuestros-tambores-unidos-%f0%9f%a5%81%e2%9c%8adesde-la-asociacion-amigos-del-tambor-de-tobarra-no-podemos-quedarnos-de-brazos-cruzados-ante-el-proyecto\/\">\u00a1POR UN PUEBLO LIMPIO, NUESTRAS MANOS Y NUESTROS TAMBORES UNIDOS! \ud83e\udd41\u270a\n\nDesde la Asociaci\u00f3n Amigos del Tambor de Tobarra, no podemos quedarnos de brazos cruzados ante el proyecto de la planta de biog\u00e1s. Nuestro compromiso con Tobarra va m\u00e1s all\u00e1 de la Semana Santa; es un compromiso con nuestra tierra, con nuestro aire y con el futuro de todos.\n\nNo queremos malos olores, no queremos riesgos para nuestra salud ni para nuestro entorno. Queremos que Tobarra siga siendo el lugar que amamos.\n\n\ud83d\udccc \u00bfC\u00f3mo puedes ayudar?\n\nEs muy sencillo: ESCANEA EL QR de la imagen o entra en el enlace de nuestra biograf\u00eda para firmar en Change.org.\n\nCada firma cuenta. \n\nSi somos capaces de hacer retumbar el suelo con nuestros tambores, \u00a1imaginad lo que podemos conseguir si unimos nuestras voces!\n\n\u2705 Firma y Comparte. Que se entere todo el mundo.\n\n#StopBiogasTobarra #TobarraUnida #AmigosDelTambor #NoAlBiogas #DefiendeTuPueblo<\/a>\n\t\t\t\t\t\t\t\t\t<\/li>\n\t\t\t\t\t\t\t\t\t\t\t<li>\n\t\t\t\t\t<a href=\"https:\/\/amigosdeltambor.org\/en\/2026\/04\/08\/recaudacion-de-semana-santa-para-la-causa-de-jose-pascual-1550egracias-a-tods-ls-que-lo-habeis-hecho-posible-josepascual-tobarraporunacausa\/\">RECAUDACI\u00d3N DE SEMANA SANTA PARA LA CAUSA DE JOS\u00c9 PASCUAL.\n\n1550\u20ac\n\nGracias a tod@s l@s que lo hab\u00e9is hecho posible.\n\n#josepascual #tobarraporunacausa<\/a>\n\t\t\t\t\t\t\t\t\t<\/li>\n\t\t\t\t\t\t\t\t\t\t\t<li>\n\t\t\t\t\t<a href=\"https:\/\/amigosdeltambor.org\/en\/2026\/04\/06\/hoy-solo-podemos-decir-una-cosa-gracias-%e2%9d%a4%ef%b8%8f%f0%9f%a5%81gracias-a-cada-tamborilero-y-tamborilera-que-durante-estas-104-horas-ha-llenado-las-calles-de-tobarra-de-pasion-emocion-y-tr\/\">Hoy solo podemos decir una cosa: GRACIAS \u2764\ufe0f\ud83e\udd41\n\nGracias a cada tamborilero y tamborilera que, durante estas 104 horas, ha llenado las calles de Tobarra de pasi\u00f3n, emoci\u00f3n y tradici\u00f3n. Gracias por estar en cada toque, en cada encuentro, en cada momento que hace \u00fanico nuestro pueblo.\n\nHab\u00e9is convertido cada rinc\u00f3n en un latido constante de tambor, demostrando que esta tradici\u00f3n no solo se mantiene viva\u2026 sino que crece y emociona m\u00e1s que nunca. El cierre del tambor ha sido, sencillamente, espectacular, un broche perfecto para unos d\u00edas que ya forman parte de nuestra memoria.\n\nDesde la Asociaci\u00f3n Amigos del Tambor, nos sentimos profundamente orgullosos de todos vosotros. Porque esto no ser\u00eda posible sin vuestra entrega, vuestro respeto y vuestro amor por nuestras 104 horas.\n\nHoy termina\u2026 pero solo en el calendario.\n\nQuedan 352 d\u00edas para volver a vivir el sue\u00f1o de nuestras 104 horas. \ud83e\udd41\u2728\n\n#Tobarra #104Horas #Tambor #Tamborada #Pasi\u00f3nTamborilera AmigosDelTambor SemanaSanta Tradici\u00f3n Cultura OrgulloDePueblo LatidoDeTambor Tamborileros TobarraEnElCoraz\u00f3n ViveTobarra Emoci\u00f3n Ra\u00edces FiestasConHistoria Espa\u00f1aTradicional ElTamborNosUne SonidoDeTradici\u00f3n \ud83e\udd41<\/a>\n\t\t\t\t\t\t\t\t\t<\/li>\n\t\t\t\t\t\t\t\t\t\t\t<li>\n\t\t\t\t\t<a href=\"https:\/\/amigosdeltambor.org\/en\/2026\/04\/05\/%f0%9f%a5%81%f0%9f%94%a5-esta-noche-ponemos-el-broche-final-a-nuestras-104-horas-%f0%9f%94%a5%f0%9f%a5%81han-sido-dias-intensos-llenos-de-emocion-tradicion-y-mucho-corazon-y-ahora\/\">\ud83e\udd41\ud83d\udd25 \u00a1Esta noche ponemos el broche final a nuestras 104 horas! \ud83d\udd25\ud83e\udd41\n\nHan sido d\u00edas intensos, llenos de emoci\u00f3n, tradici\u00f3n y mucho coraz\u00f3n\u2026 y ahora toca despedirnos como se merece \ud83d\udca5\n\nTe esperamos esta noche en el cierre del tambor, para vivir juntos ese \u00faltimo momento m\u00e1gico que nos une y nos pone la piel de gallina. \ud83d\udc9b\n\n\ud83d\udc49 Ven con ganas de sentir, de vibrar y de formar parte de este final tan especial. \n\ud83d\udc49 Trae tu energ\u00eda y tus ganas de disfrutar.\n\n\u26a0\ufe0f Importante: no est\u00e1 permitido subir al monumento del tambor.\n\n\ud83d\udcf8 Foto: Jos\u00e9 Rafael Navarro\n\nHagamos de este cierre algo inolvidable\u2026 \u00a1te esperamos! \ud83e\udd41\u2728 \n#104Horas #CierreDelTambor #Tradici\u00f3nQueLate<\/a>\n\t\t\t\t\t\t\t\t\t<\/li>\n\t\t\t\t\t<\/ul>\n\n\t\t\t\t\t\t<\/div>\n\t\t\t\t<\/div>\n\t\t\t\t\t<\/div>\n\t\t<\/div>\n\t\t\t\t\t<\/div>\n\t\t<\/section>\n\t\t\t\t<section class=\"elementor-section elementor-top-section elementor-element elementor-element-1fa157ef elementor-section-height-min-height elementor-section-content-middle elementor-section-boxed elementor-section-height-default elementor-section-items-middle\" data-id=\"1fa157ef\" data-element_type=\"section\" data-e-type=\"section\" data-settings=\"{&quot;background_background&quot;:&quot;classic&quot;}\">\n\t\t\t\t\t\t<div class=\"elementor-container elementor-column-gap-no\">\n\t\t\t\t\t<div class=\"elementor-column elementor-col-100 elementor-top-column elementor-element elementor-element-9fc3921 elementor-invisible\" data-id=\"9fc3921\" data-element_type=\"column\" data-e-type=\"column\" data-settings=\"{&quot;background_background&quot;:&quot;classic&quot;,&quot;animation&quot;:&quot;zoomInUp&quot;,&quot;animation_tablet&quot;:&quot;zoomIn&quot;}\">\n\t\t\t<div class=\"elementor-widget-wrap elementor-element-populated\">\n\t\t\t\t\t<div class=\"elementor-background-overlay\"><\/div>\n\t\t\t\t\t\t<section class=\"elementor-section elementor-inner-section elementor-element elementor-element-70d70bfc elementor-section-content-middle elementor-section-boxed elementor-section-height-default elementor-section-height-default\" data-id=\"70d70bfc\" data-element_type=\"section\" data-e-type=\"section\">\n\t\t\t\t\t\t<div class=\"elementor-container elementor-column-gap-no\">\n\t\t\t\t\t<div class=\"elementor-column elementor-col-50 elementor-inner-column elementor-element elementor-element-5117c783\" data-id=\"5117c783\" data-element_type=\"column\" data-e-type=\"column\">\n\t\t\t<div class=\"elementor-widget-wrap elementor-element-populated\">\n\t\t\t\t\t\t<div class=\"elementor-element elementor-element-727479e elementor-widget__width-auto elementor-widget elementor-widget-heading\" data-id=\"727479e\" data-element_type=\"widget\" data-e-type=\"widget\" data-widget_type=\"heading.default\">\n\t\t\t\t<div class=\"elementor-widget-container\">\n\t\t\t\t\t<h2 class=\"elementor-heading-title elementor-size-default\">Would you like to join the association?<\/h2>\t\t\t\t<\/div>\n\t\t\t\t<\/div>\n\t\t\t\t<div class=\"elementor-element elementor-element-2841d5a7 elementor-widget elementor-widget-spacer\" data-id=\"2841d5a7\" data-element_type=\"widget\" data-e-type=\"widget\" data-widget_type=\"spacer.default\">\n\t\t\t\t<div class=\"elementor-widget-container\">\n\t\t\t\t\t\t\t<div class=\"elementor-spacer\">\n\t\t\t<div class=\"elementor-spacer-inner\"><\/div>\n\t\t<\/div>\n\t\t\t\t\t\t<\/div>\n\t\t\t\t<\/div>\n\t\t\t\t<div class=\"elementor-element elementor-element-222e59bf elementor-widget__width-initial elementor-widget-tablet__width-initial elementor-widget elementor-widget-text-editor\" data-id=\"222e59bf\" data-element_type=\"widget\" data-e-type=\"widget\" data-widget_type=\"text-editor.default\">\n\t\t\t\t<div class=\"elementor-widget-container\">\n\t\t\t\t\t\t\t\t\t<p>With your \u2018Amigo del Tambor\u2019 card, proudly show your status as drummers of our town.<\/p>\t\t\t\t\t\t\t\t<\/div>\n\t\t\t\t<\/div>\n\t\t\t\t<div class=\"elementor-element elementor-element-6eeeb015 elementor-absolute elementor-widget elementor-widget-image\" data-id=\"6eeeb015\" data-element_type=\"widget\" data-e-type=\"widget\" data-settings=\"{&quot;_position&quot;:&quot;absolute&quot;}\" data-widget_type=\"image.default\">\n\t\t\t\t<div class=\"elementor-widget-container\">\n\t\t\t\t\t\t\t\t\t\t\t\t\t\t\t<img loading=\"lazy\" decoding=\"async\" width=\"292\" height=\"140\" src=\"https:\/\/amigosdeltambor.org\/wp-content\/uploads\/2022\/02\/shape-5.png\" class=\"attachment-full size-full wp-image-231\" alt=\"\" title=\"\">\t\t\t\t\t\t\t\t\t\t\t\t\t\t\t<\/div>\n\t\t\t\t<\/div>\n\t\t\t\t\t<\/div>\n\t\t<\/div>\n\t\t\t\t<div class=\"elementor-column elementor-col-50 elementor-inner-column elementor-element elementor-element-6be52195\" data-id=\"6be52195\" data-element_type=\"column\" data-e-type=\"column\">\n\t\t\t<div class=\"elementor-widget-wrap elementor-element-populated\">\n\t\t\t\t\t\t<div class=\"elementor-element elementor-element-734500ac elementor-align-center elementor-widget elementor-widget-button\" data-id=\"734500ac\" data-element_type=\"widget\" data-e-type=\"widget\" data-widget_type=\"button.default\">\n\t\t\t\t<div class=\"elementor-widget-container\">\n\t\t\t\t\t\t\t\t\t<div class=\"elementor-button-wrapper\">\n\t\t\t\t\t<a class=\"elementor-button elementor-button-link elementor-size-sm\" href=\"#\">\n\t\t\t\t\t\t<span class=\"elementor-button-content-wrapper\">\n\t\t\t\t\t\t\t\t\t<span class=\"elementor-button-text\">Join as a member<\/span>\n\t\t\t\t\t<\/span>\n\t\t\t\t\t<\/a>\n\t\t\t\t<\/div>\n\t\t\t\t\t\t\t\t<\/div>\n\t\t\t\t<\/div>\n\t\t\t\t\t<\/div>\n\t\t<\/div>\n\t\t\t\t\t<\/div>\n\t\t<\/section>\n\t\t\t\t\t<\/div>\n\t\t<\/div>\n\t\t\t\t\t<\/div>\n\t\t<\/section>\n\t\t\t\t<\/div>","protected":false},"excerpt":{"rendered":"<p>Otras actividades Mantente al d\u00eda de nuestras actividades \u00bfQuieres formar parte de la asociaci\u00f3n? Con tu carn\u00e9 de \u201cAmigo del Tambor\u201d, acredita orgullosos tu condici\u00f3n de tamborileros de nuestro pueblo. Hacerme socio<\/p>","protected":false},"author":1,"featured_media":0,"parent":0,"menu_order":0,"comment_status":"closed","ping_status":"closed","template":"","meta":{"_acf_changed":false,"_uag_custom_page_level_css":"","_joinchat":[],"footnotes":""},"folder":[],"class_list":["post-549","page","type-page","status-publish","hentry"],"acf":[],"uagb_featured_image_src":{"full":false,"thumbnail":false,"medium":false,"medium_large":false,"large":false,"1536x1536":false,"2048x2048":false,"trp-custom-language-flag":false},"uagb_author_info":{"display_name":"Carlos Garrido","author_link":"https:\/\/amigosdeltambor.org\/en\/author\/admin\/"},"uagb_comment_info":0,"uagb_excerpt":"Otras actividades Mantente al d\u00eda de nuestras actividades \u00bfQuieres formar parte de la asociaci\u00f3n? Con tu carn\u00e9 de \u201cAmigo del Tambor\u201d, acredita orgullosos tu condici\u00f3n de tamborileros de nuestro pueblo. Hacerme socio","_links":{"self":[{"href":"https:\/\/amigosdeltambor.org\/en\/wp-json\/wp\/v2\/pages\/549","targetHints":{"allow":["GET"]}}],"collection":[{"href":"https:\/\/amigosdeltambor.org\/en\/wp-json\/wp\/v2\/pages"}],"about":[{"href":"https:\/\/amigosdeltambor.org\/en\/wp-json\/wp\/v2\/types\/page"}],"author":[{"embeddable":true,"href":"https:\/\/amigosdeltambor.org\/en\/wp-json\/wp\/v2\/users\/1"}],"replies":[{"embeddable":true,"href":"https:\/\/amigosdeltambor.org\/en\/wp-json\/wp\/v2\/comments?post=549"}],"version-history":[{"count":5,"href":"https:\/\/amigosdeltambor.org\/en\/wp-json\/wp\/v2\/pages\/549\/revisions"}],"predecessor-version":[{"id":813,"href":"https:\/\/amigosdeltambor.org\/en\/wp-json\/wp\/v2\/pages\/549\/revisions\/813"}],"wp:attachment":[{"href":"https:\/\/amigosdeltambor.org\/en\/wp-json\/wp\/v2\/media?parent=549"}],"wp:term":[{"taxonomy":"folder","embeddable":true,"href":"https:\/\/amigosdeltambor.org\/en\/wp-json\/wp\/v2\/folder?post=549"}],"curies":[{"name":"wp","href":"https:\/\/api.w.org\/{rel}","templated":true}]}}